{"id":11,"date":"2023-01-04T07:20:33","date_gmt":"2023-01-04T07:20:33","guid":{"rendered":"https:\/\/pszichotime.hu\/?page_id=11"},"modified":"2025-06-09T05:30:58","modified_gmt":"2025-06-09T05:30:58","slug":"bemutatkozas","status":"publish","type":"page","link":"https:\/\/pszichotime.hu\/?page_id=11","title":{"rendered":"Bemutatkoz\u00e1s"},"content":{"rendered":"\t\t<div data-elementor-type=\"wp-page\" data-elementor-id=\"11\" class=\"elementor elementor-11\">\n\t\t\t\t\t\t\t\t\t<section class=\"elementor-section elementor-top-section elementor-element elementor-element-46cfea9 elementor-section-boxed elementor-section-height-default elementor-section-height-default\" data-id=\"46cfea9\" data-element_type=\"section\">\n\t\t\t\t\t\t<div class=\"elementor-container elementor-column-gap-default\">\n\t\t\t\t\t<div class=\"elementor-column elementor-col-100 elementor-top-column elementor-element elementor-element-0cac9bf\" data-id=\"0cac9bf\" data-element_type=\"column\">\n\t\t\t<div class=\"elementor-widget-wrap elementor-element-populated\">\n\t\t\t\t\t\t\t\t<div class=\"elementor-element elementor-element-c3f9162 elementor-widget elementor-widget-text-editor\" data-id=\"c3f9162\" data-element_type=\"widget\" data-widget_type=\"text-editor.default\">\n\t\t\t\t<div class=\"elementor-widget-container\">\n\t\t\t<style>\/*! elementor - v3.10.1 - 17-01-2023 *\/\n.elementor-widget-text-editor.elementor-drop-cap-view-stacked .elementor-drop-cap{background-color:#818a91;color:#fff}.elementor-widget-text-editor.elementor-drop-cap-view-framed .elementor-drop-cap{color:#818a91;border:3px solid;background-color:transparent}.elementor-widget-text-editor:not(.elementor-drop-cap-view-default) .elementor-drop-cap{margin-top:8px}.elementor-widget-text-editor:not(.elementor-drop-cap-view-default) .elementor-drop-cap-letter{width:1em;height:1em}.elementor-widget-text-editor .elementor-drop-cap{float:left;text-align:center;line-height:1;font-size:50px}.elementor-widget-text-editor .elementor-drop-cap-letter{display:inline-block}<\/style>\t\t\t\t<p><strong>Bemutatkoz\u00e1s<\/strong><\/p><p>M\u00e1r utols\u00f3 \u00e1ltal\u00e1nos iskolai \u00e9veimben elkezdtem pszichol\u00f3giai t\u00e9m\u00e1j\u00fa k\u00f6nyveket olvasgatni, ami akkor m\u00e9g j\u00f3val kevesebb volt, mint manaps\u00e1g. Ut\u00e1na k\u00f6z\u00e9piskol\u00e1ban m\u00e1r kifejezetten arra k\u00e9sz\u00fcltem, hogy pszichol\u00f3gus lehessek. 2001-ben lettem okleveles pszichol\u00f3gus. R\u00f6gt\u00f6n ut\u00e1na folytattam tanulm\u00e1nyaimat szakk\u00e9pz\u00e9sen, \u00edgy 2005-ben szereztem meg klinikai \u00e9s ment\u00e1lhigi\u00e9niai feln\u0151tt szakpszichol\u00f3gus v\u00e9gzetts\u00e9gemet. \u00d6nismereti munk\u00e1mat analitikus csoportter\u00e1pi\u00e1ban \u00e9s csal\u00e1dter\u00e1pi\u00e1ban v\u00e9geztem. 2001 \u00f3ta dolgozom pszichol\u00f3gusk\u00e9nt. Kezdetben rend\u0151rs\u00e9gen dolgoztam, ahol alkalmass\u00e1gvizsg\u00e1latokat \u00e9s pszichol\u00f3giai tan\u00e1csad\u00e1st v\u00e9geztem rend\u0151r\u00f6k \u00e9s t\u0171zolt\u00f3k k\u00f6r\u00e9ben. Tapasztalatot szerezhettem k\u00f6zben b\u00fcntet\u00e9s-v\u00e9grehajt\u00e1si int\u00e9zetben is, fogvatartottak k\u00f6z\u00f6tt.<\/p><p>K\u00e9s\u0151bb Pedag\u00f3giai szakszolg\u00e1latn\u00e1l helyezkedtem el, ahol szak\u00e9rt\u0151i vizsg\u00e1latokat \u00e9s v\u00e9lem\u00e9nyeket k\u00e9sz\u00edtettem, valamint iskolapszichol\u00f3gusk\u00e9nt tev\u00e9kenykedtem. K\u00e9s\u0151bb koordin\u00e1tora lettem a ker\u00fcleti iskola- \u00e9s \u00f3vodapszichol\u00f3gusoknak, illetve tehets\u00e9ggondoz\u00f3 koordin\u00e1tor is voltam.<\/p><p style=\"text-align: center;\">Az \u00e9vek sor\u00e1n szerzett tapasztaltaimmal \u00e9s tud\u00e1sommal jelenleg mag\u00e1nrendel\u00e9s keret\u00e9ben igyekszem seg\u00edteni a hozz\u00e1m fordul\u00f3knak.<\/p>\t\t\t\t\t\t<\/div>\n\t\t\t\t<\/div>\n\t\t\t\t\t<\/div>\n\t\t<\/div>\n\t\t\t\t\t\t\t<\/div>\n\t\t<\/section>\n\t\t\t\t<section class=\"elementor-section elementor-top-section elementor-element elementor-element-3fd6817 elementor-section-boxed elementor-section-height-default elementor-section-height-default\" data-id=\"3fd6817\" data-element_type=\"section\">\n\t\t\t\t\t\t<div class=\"elementor-container elementor-column-gap-default\">\n\t\t\t\t\t<div class=\"elementor-column elementor-col-100 elementor-top-column elementor-element elementor-element-1a8aa03\" data-id=\"1a8aa03\" data-element_type=\"column\">\n\t\t\t<div class=\"elementor-widget-wrap elementor-element-populated\">\n\t\t\t\t\t\t\t\t<div class=\"elementor-element elementor-element-a59b028 elementor-widget elementor-widget-image\" data-id=\"a59b028\" data-element_type=\"widget\" data-widget_type=\"image.default\">\n\t\t\t\t<div class=\"elementor-widget-container\">\n\t\t\t<style>\/*! elementor - v3.10.1 - 17-01-2023 *\/\n.elementor-widget-image{text-align:center}.elementor-widget-image a{display:inline-block}.elementor-widget-image a img[src$=\".svg\"]{width:48px}.elementor-widget-image img{vertical-align:middle;display:inline-block}<\/style>\t\t\t\t\t\t\t\t\t\t\t\t<img decoding=\"async\" loading=\"lazy\" width=\"200\" height=\"300\" src=\"https:\/\/pszichotime.hu\/wp-content\/uploads\/2023\/02\/B50B875F-AA49-4450-A253-427036E02537-200x300.jpeg\" class=\"attachment-medium size-medium wp-image-641\" alt=\"\" srcset=\"https:\/\/pszichotime.hu\/wp-content\/uploads\/2023\/02\/B50B875F-AA49-4450-A253-427036E02537-200x300.jpeg 200w, https:\/\/pszichotime.hu\/wp-content\/uploads\/2023\/02\/B50B875F-AA49-4450-A253-427036E02537.jpeg 487w\" sizes=\"(max-width: 200px) 100vw, 200px\" \/>\t\t\t\t\t\t\t\t\t\t\t\t\t\t\t<\/div>\n\t\t\t\t<\/div>\n\t\t\t\t<div class=\"elementor-element elementor-element-f0a02a2 elementor-widget elementor-widget-text-editor\" data-id=\"f0a02a2\" data-element_type=\"widget\" data-widget_type=\"text-editor.default\">\n\t\t\t\t<div class=\"elementor-widget-container\">\n\t\t\t\t\t\t\t<p><span style=\"text-decoration: underline;\">Milyen a k\u00f6z\u00f6s munka velem?<\/span><\/p><p>Hiszek abban, hogy minden ember t\u00f6rt\u00e9nete m\u00e9lt\u00f3 a figyelemre.<\/p><p>A besz\u00e9lget\u00e9seinkben nem s\u00fcrgetlek, nem ir\u00e1ny\u00edtalak \u2013 hanem veled vagyok, \u00e9s k\u00eds\u00e9rlek abban, ahogy egyre k\u00f6zelebb ker\u00fclsz \u00f6nmagadhoz.<\/p><p>Sokan \u00fagy \u00e9lik meg a k\u00f6z\u00f6s munk\u00e1t, mintha egy l\u00e1mp\u00e1s vil\u00e1g\u00edtana r\u00e1 arra, amit bel\u00fcl m\u00e1r r\u00e9g\u00f3ta sejtettek \u2013 vagy mint egy t\u00fckr\u00f6z\u0151 t\u00f3, amelyben el\u0151sz\u00f6r pillantj\u00e1k meg tiszt\u00e1n saj\u00e1t \u00e9rz\u00e9seiket.<\/p><p>Fontos sz\u00e1momra, hogy a bels\u0151 vil\u00e1god ritmus\u00e1t tiszteletben tartsuk.<\/p><p>Ez\u00e9rt a jelenl\u00e9t, az elfogad\u00e1s, \u00e9s az \u00e9rzelmek megenged\u00e9se sz\u00e1momra nem m\u00f3dszer, hanem alap\u00e1ll\u00e1s.<\/p><p>Van bennem egy mondat, amit gyakran bel\u00fcl hordozok, amikor egy\u00fctt dolgozunk:<\/p><p>\u201eB\u00e1rmi j\u00f6n is, j\u00f6het &#8211; egy\u00fctt fogadjuk, elb\u00edrjuk \u00e9s tov\u00e1bbmegy\u00fcnk.\u201d<\/p><p>Ez a bels\u0151 bizalom tartja a teret, amikor elakadunk, vagy amikor valami \u00faj bontakozik ki benned.<\/p><p>Ha te is hiszel abban, hogy a legm\u00e9lyebb v\u00e1ltoz\u00e1s akkor t\u00f6rt\u00e9nik, amikor valaki igaz\u00e1n figyel r\u00e1d \u2013<\/p><p>akkor lehet, hogy j\u00f3l fogod magad \u00e9rezni ebben a k\u00f6z\u00f6s t\u00e9rben<\/p>\t\t\t\t\t\t<\/div>\n\t\t\t\t<\/div>\n\t\t\t\t\t<\/div>\n\t\t<\/div>\n\t\t\t\t\t\t\t<\/div>\n\t\t<\/section>\n\t\t\t\t<section class=\"elementor-section elementor-top-section elementor-element elementor-element-a2cc939 elementor-section-boxed elementor-section-height-default elementor-section-height-default\" data-id=\"a2cc939\" data-element_type=\"section\">\n\t\t\t\t\t\t<div class=\"elementor-container elementor-column-gap-default\">\n\t\t\t\t\t<div class=\"elementor-column elementor-col-100 elementor-top-column elementor-element elementor-element-ffbbb9f\" data-id=\"ffbbb9f\" data-element_type=\"column\">\n\t\t\t<div class=\"elementor-widget-wrap\">\n\t\t\t\t\t\t\t\t\t<\/div>\n\t\t<\/div>\n\t\t\t\t\t\t\t<\/div>\n\t\t<\/section>\n\t\t\t\t\t\t\t<\/div>\n\t\t","protected":false},"excerpt":{"rendered":"<p>Bemutatkoz\u00e1s M\u00e1r utols\u00f3 \u00e1ltal\u00e1nos iskolai \u00e9veimben elkezdtem pszichol\u00f3giai t\u00e9m\u00e1j\u00fa k\u00f6nyveket olvasgatni, ami akkor m\u00e9g j\u00f3val kevesebb volt, mint manaps\u00e1g. Ut\u00e1na k\u00f6z\u00e9piskol\u00e1ban m\u00e1r kifejezetten arra k\u00e9sz\u00fcltem, hogy pszichol\u00f3gus lehessek. 2001-ben lettem okleveles pszichol\u00f3gus. R\u00f6gt\u00f6n ut\u00e1na folytattam tanulm\u00e1nyaimat szakk\u00e9pz\u00e9sen, \u00edgy 2005-ben szereztem meg klinikai \u00e9s ment\u00e1lhigi\u00e9niai feln\u0151tt szakpszichol\u00f3gus v\u00e9gzetts\u00e9gemet. \u00d6nismereti munk\u00e1mat analitikus csoportter\u00e1pi\u00e1ban \u00e9s csal\u00e1dter\u00e1pi\u00e1ban v\u00e9geztem. 2001 [&hellip;]<\/p>\n","protected":false},"author":1,"featured_media":0,"parent":0,"menu_order":0,"comment_status":"closed","ping_status":"closed","template":"","meta":{"om_disable_all_campaigns":false,"_monsterinsights_skip_tracking":false,"_monsterinsights_sitenote_active":false,"_monsterinsights_sitenote_note":"","_monsterinsights_sitenote_category":0,"footnotes":""},"aioseo_notices":[],"yoast_head":"<!-- This site is optimized with the Yoast SEO plugin v20.4 - https:\/\/yoast.com\/wordpress\/plugins\/seo\/ -->\n<title>Bemutatkoz\u00e1s - pszichotime.hu<\/title>\n<meta name=\"robots\" content=\"index, follow, max-snippet:-1, max-image-preview:large, max-video-preview:-1\" \/>\n<link rel=\"canonical\" href=\"https:\/\/pszichotime.hu\/?page_id=11\" \/>\n<meta property=\"og:locale\" content=\"hu_HU\" \/>\n<meta property=\"og:type\" content=\"article\" \/>\n<meta property=\"og:title\" content=\"Bemutatkoz\u00e1s - pszichotime.hu\" \/>\n<meta property=\"og:description\" content=\"Bemutatkoz\u00e1s M\u00e1r utols\u00f3 \u00e1ltal\u00e1nos iskolai \u00e9veimben elkezdtem pszichol\u00f3giai t\u00e9m\u00e1j\u00fa k\u00f6nyveket olvasgatni, ami akkor m\u00e9g j\u00f3val kevesebb volt, mint manaps\u00e1g. Ut\u00e1na k\u00f6z\u00e9piskol\u00e1ban m\u00e1r kifejezetten arra k\u00e9sz\u00fcltem, hogy pszichol\u00f3gus lehessek. 2001-ben lettem okleveles pszichol\u00f3gus. R\u00f6gt\u00f6n ut\u00e1na folytattam tanulm\u00e1nyaimat szakk\u00e9pz\u00e9sen, \u00edgy 2005-ben szereztem meg klinikai \u00e9s ment\u00e1lhigi\u00e9niai feln\u0151tt szakpszichol\u00f3gus v\u00e9gzetts\u00e9gemet. \u00d6nismereti munk\u00e1mat analitikus csoportter\u00e1pi\u00e1ban \u00e9s csal\u00e1dter\u00e1pi\u00e1ban v\u00e9geztem. 2001 [&hellip;]\" \/>\n<meta property=\"og:url\" content=\"https:\/\/pszichotime.hu\/?page_id=11\" \/>\n<meta property=\"og:site_name\" content=\"pszichotime.hu\" \/>\n<meta property=\"article:modified_time\" content=\"2025-06-09T05:30:58+00:00\" \/>\n<meta property=\"og:image\" content=\"http:\/\/pszichotime.hu\/wp-content\/uploads\/2023\/02\/B50B875F-AA49-4450-A253-427036E02537-200x300.jpeg\" \/>\n<meta name=\"twitter:card\" content=\"summary_large_image\" \/>\n<meta name=\"twitter:label1\" content=\"Becs\u00fclt olvas\u00e1si id\u0151\" \/>\n\t<meta name=\"twitter:data1\" content=\"2 perc\" \/>\n<script type=\"application\/ld+json\" class=\"yoast-schema-graph\">{\"@context\":\"https:\/\/schema.org\",\"@graph\":[{\"@type\":\"WebPage\",\"@id\":\"https:\/\/pszichotime.hu\/?page_id=11\",\"url\":\"https:\/\/pszichotime.hu\/?page_id=11\",\"name\":\"Bemutatkoz\u00e1s - pszichotime.hu\",\"isPartOf\":{\"@id\":\"https:\/\/pszichotime.hu\/#website\"},\"datePublished\":\"2023-01-04T07:20:33+00:00\",\"dateModified\":\"2025-06-09T05:30:58+00:00\",\"breadcrumb\":{\"@id\":\"https:\/\/pszichotime.hu\/?page_id=11#breadcrumb\"},\"inLanguage\":\"hu\",\"potentialAction\":[{\"@type\":\"ReadAction\",\"target\":[\"https:\/\/pszichotime.hu\/?page_id=11\"]}]},{\"@type\":\"BreadcrumbList\",\"@id\":\"https:\/\/pszichotime.hu\/?page_id=11#breadcrumb\",\"itemListElement\":[{\"@type\":\"ListItem\",\"position\":1,\"name\":\"Kezd\u0151lap\",\"item\":\"https:\/\/pszichotime.hu\/\"},{\"@type\":\"ListItem\",\"position\":2,\"name\":\"Bemutatkoz\u00e1s\"}]},{\"@type\":\"WebSite\",\"@id\":\"https:\/\/pszichotime.hu\/#website\",\"url\":\"https:\/\/pszichotime.hu\/\",\"name\":\"pszichotime.hu\",\"description\":\"Klinikai szakpszichol\u00f3gus\",\"publisher\":{\"@id\":\"https:\/\/pszichotime.hu\/#organization\"},\"potentialAction\":[{\"@type\":\"SearchAction\",\"target\":{\"@type\":\"EntryPoint\",\"urlTemplate\":\"https:\/\/pszichotime.hu\/?s={search_term_string}\"},\"query-input\":\"required name=search_term_string\"}],\"inLanguage\":\"hu\"},{\"@type\":\"Organization\",\"@id\":\"https:\/\/pszichotime.hu\/#organization\",\"name\":\"pszichotime.hu\",\"url\":\"https:\/\/pszichotime.hu\/\",\"logo\":{\"@type\":\"ImageObject\",\"inLanguage\":\"hu\",\"@id\":\"https:\/\/pszichotime.hu\/#\/schema\/logo\/image\/\",\"url\":\"https:\/\/pszichotime.hu\/wp-content\/uploads\/2023\/01\/E8014613-C958-47E8-99B0-628CB713E37D.png\",\"contentUrl\":\"https:\/\/pszichotime.hu\/wp-content\/uploads\/2023\/01\/E8014613-C958-47E8-99B0-628CB713E37D.png\",\"width\":1250,\"height\":1250,\"caption\":\"pszichotime.hu\"},\"image\":{\"@id\":\"https:\/\/pszichotime.hu\/#\/schema\/logo\/image\/\"}}]}<\/script>\n<!-- \/ Yoast SEO plugin. -->","yoast_head_json":{"title":"Bemutatkoz\u00e1s - pszichotime.hu","robots":{"index":"index","follow":"follow","max-snippet":"max-snippet:-1","max-image-preview":"max-image-preview:large","max-video-preview":"max-video-preview:-1"},"canonical":"https:\/\/pszichotime.hu\/?page_id=11","og_locale":"hu_HU","og_type":"article","og_title":"Bemutatkoz\u00e1s - pszichotime.hu","og_description":"Bemutatkoz\u00e1s M\u00e1r utols\u00f3 \u00e1ltal\u00e1nos iskolai \u00e9veimben elkezdtem pszichol\u00f3giai t\u00e9m\u00e1j\u00fa k\u00f6nyveket olvasgatni, ami akkor m\u00e9g j\u00f3val kevesebb volt, mint manaps\u00e1g. Ut\u00e1na k\u00f6z\u00e9piskol\u00e1ban m\u00e1r kifejezetten arra k\u00e9sz\u00fcltem, hogy pszichol\u00f3gus lehessek. 2001-ben lettem okleveles pszichol\u00f3gus. R\u00f6gt\u00f6n ut\u00e1na folytattam tanulm\u00e1nyaimat szakk\u00e9pz\u00e9sen, \u00edgy 2005-ben szereztem meg klinikai \u00e9s ment\u00e1lhigi\u00e9niai feln\u0151tt szakpszichol\u00f3gus v\u00e9gzetts\u00e9gemet. \u00d6nismereti munk\u00e1mat analitikus csoportter\u00e1pi\u00e1ban \u00e9s csal\u00e1dter\u00e1pi\u00e1ban v\u00e9geztem. 2001 [&hellip;]","og_url":"https:\/\/pszichotime.hu\/?page_id=11","og_site_name":"pszichotime.hu","article_modified_time":"2025-06-09T05:30:58+00:00","og_image":[{"url":"http:\/\/pszichotime.hu\/wp-content\/uploads\/2023\/02\/B50B875F-AA49-4450-A253-427036E02537-200x300.jpeg"}],"twitter_card":"summary_large_image","twitter_misc":{"Becs\u00fclt olvas\u00e1si id\u0151":"2 perc"},"schema":{"@context":"https:\/\/schema.org","@graph":[{"@type":"WebPage","@id":"https:\/\/pszichotime.hu\/?page_id=11","url":"https:\/\/pszichotime.hu\/?page_id=11","name":"Bemutatkoz\u00e1s - pszichotime.hu","isPartOf":{"@id":"https:\/\/pszichotime.hu\/#website"},"datePublished":"2023-01-04T07:20:33+00:00","dateModified":"2025-06-09T05:30:58+00:00","breadcrumb":{"@id":"https:\/\/pszichotime.hu\/?page_id=11#breadcrumb"},"inLanguage":"hu","potentialAction":[{"@type":"ReadAction","target":["https:\/\/pszichotime.hu\/?page_id=11"]}]},{"@type":"BreadcrumbList","@id":"https:\/\/pszichotime.hu\/?page_id=11#breadcrumb","itemListElement":[{"@type":"ListItem","position":1,"name":"Kezd\u0151lap","item":"https:\/\/pszichotime.hu\/"},{"@type":"ListItem","position":2,"name":"Bemutatkoz\u00e1s"}]},{"@type":"WebSite","@id":"https:\/\/pszichotime.hu\/#website","url":"https:\/\/pszichotime.hu\/","name":"pszichotime.hu","description":"Klinikai szakpszichol\u00f3gus","publisher":{"@id":"https:\/\/pszichotime.hu\/#organization"},"potentialAction":[{"@type":"SearchAction","target":{"@type":"EntryPoint","urlTemplate":"https:\/\/pszichotime.hu\/?s={search_term_string}"},"query-input":"required name=search_term_string"}],"inLanguage":"hu"},{"@type":"Organization","@id":"https:\/\/pszichotime.hu\/#organization","name":"pszichotime.hu","url":"https:\/\/pszichotime.hu\/","logo":{"@type":"ImageObject","inLanguage":"hu","@id":"https:\/\/pszichotime.hu\/#\/schema\/logo\/image\/","url":"https:\/\/pszichotime.hu\/wp-content\/uploads\/2023\/01\/E8014613-C958-47E8-99B0-628CB713E37D.png","contentUrl":"https:\/\/pszichotime.hu\/wp-content\/uploads\/2023\/01\/E8014613-C958-47E8-99B0-628CB713E37D.png","width":1250,"height":1250,"caption":"pszichotime.hu"},"image":{"@id":"https:\/\/pszichotime.hu\/#\/schema\/logo\/image\/"}}]}},"_links":{"self":[{"href":"https:\/\/pszichotime.hu\/index.php?rest_route=\/wp\/v2\/pages\/11"}],"collection":[{"href":"https:\/\/pszichotime.hu\/index.php?rest_route=\/wp\/v2\/pages"}],"about":[{"href":"https:\/\/pszichotime.hu\/index.php?rest_route=\/wp\/v2\/types\/page"}],"author":[{"embeddable":true,"href":"https:\/\/pszichotime.hu\/index.php?rest_route=\/wp\/v2\/users\/1"}],"replies":[{"embeddable":true,"href":"https:\/\/pszichotime.hu\/index.php?rest_route=%2Fwp%2Fv2%2Fcomments&post=11"}],"version-history":[{"count":6,"href":"https:\/\/pszichotime.hu\/index.php?rest_route=\/wp\/v2\/pages\/11\/revisions"}],"predecessor-version":[{"id":1093,"href":"https:\/\/pszichotime.hu\/index.php?rest_route=\/wp\/v2\/pages\/11\/revisions\/1093"}],"wp:attachment":[{"href":"https:\/\/pszichotime.hu\/index.php?rest_route=%2Fwp%2Fv2%2Fmedia&parent=11"}],"curies":[{"name":"wp","href":"https:\/\/api.w.org\/{rel}","templated":true}]}}